{"id":2486,"date":"2023-07-26T07:44:50","date_gmt":"2023-07-26T07:44:50","guid":{"rendered":"https:\/\/www.intercon.it\/?page_id=2486"},"modified":"2024-05-21T15:02:36","modified_gmt":"2024-05-21T15:02:36","slug":"privacy-policy","status":"publish","type":"page","link":"https:\/\/www.intercon.it\/de\/privacy-policy\/","title":{"rendered":"Privacy Policy"},"content":{"rendered":"<div data-elementor-type=\"wp-page\" data-elementor-id=\"2486\" class=\"elementor elementor-2486\">\n\t\t\t\t\t\t<section class=\"elementor-section elementor-top-section elementor-element elementor-element-1625af7 elementor-section-full_width elementor-section-height-default elementor-section-height-default qodef-elementor-content-no\" data-id=\"1625af7\" data-element_type=\"section\" data-settings=\"{&quot;background_background&quot;:&quot;classic&quot;}\">\n\t\t\t\t\t\t\t<div class=\"elementor-background-overlay\"><\/div>\n\t\t\t\t\t\t\t<div class=\"elementor-container elementor-column-gap-default\">\n\t\t\t\t\t<div class=\"elementor-column elementor-col-100 elementor-top-column elementor-element elementor-element-a8e77b1 qodef-sticky-column--no\" data-id=\"a8e77b1\" data-element_type=\"column\">\n\t\t\t<div class=\"elementor-widget-wrap elementor-element-populated\">\n\t\t\t\t\t\t<div class=\"elementor-element elementor-element-2abb512 elementor-widget-divider--view-line elementor-widget elementor-widget-divider\" data-id=\"2abb512\" data-element_type=\"widget\" data-widget_type=\"divider.default\">\n\t\t\t\t<div class=\"elementor-widget-container\">\n\t\t\t\t\t<div class=\"elementor-divider\">\n\t\t\t<span class=\"elementor-divider-separator\">\n\t\t\t\t\t\t<\/span>\n\t\t<\/div>\n\t\t\t\t<\/div>\n\t\t\t\t<\/div>\n\t\t\t\t\t<\/div>\n\t\t<\/div>\n\t\t\t\t\t<\/div>\n\t\t<\/section>\n\t\t\t\t<section class=\"elementor-section elementor-top-section elementor-element elementor-element-ab9fd33 elementor-section-full_width qodef-elementor-content-grid qodef-extended-grid qodef-extended-grid--right qodef-extended-grid-reset qodef-extended-grid-reset--1024 elementor-section-height-default elementor-section-height-default\" data-id=\"ab9fd33\" data-element_type=\"section\">\n\t\t\t\t\t\t<div class=\"elementor-container elementor-column-gap-default\">\n\t\t\t\t\t<div class=\"elementor-column elementor-col-100 elementor-top-column elementor-element elementor-element-213d702 qodef-sticky-column--no\" data-id=\"213d702\" data-element_type=\"column\">\n\t\t\t<div class=\"elementor-widget-wrap elementor-element-populated\">\n\t\t\t\t\t\t<div class=\"elementor-element elementor-element-e481ac0 elementor-widget elementor-widget-qi_addons_for_elementor_section_title\" data-id=\"e481ac0\" data-element_type=\"widget\" data-widget_type=\"qi_addons_for_elementor_section_title.default\">\n\t\t\t\t<div class=\"elementor-widget-container\">\n\t\t\t<div class=\"qodef-shortcode qodef-m  qodef-qi-section-title  qodef-decoration--italic  qodef-link--underline-draw qodef-subtitle-icon--left\">\n\t\t\t\t\t\t<h1 class=\"qodef-m-title\">\n\t\t**PRIVACY POLICY**\t<\/h1>\n\t\t\t<div class=\"qodef-m-text\"><p><br \/>DATENSCHUTZPOLITIK<\/p><p><br \/>Dieser Datenschutzhinweis erkl\u00e4rt, wie die von Ihnen bereitgestellten und von Intercon Srl \u00fcber diese Website gesammelten personenbezogenen Daten in \u00dcbereinstimmung mit den geltenden Gesetzen und Vorschriften behandelt werden. Wir verpflichten uns, Ihre Privatsph\u00e4re zu sch\u00fctzen und zu respektieren.<\/p><p>\u00a0<\/p><p>1. WIE WIR DATEN ERHALTEN<br \/>Die folgenden Daten k\u00f6nnen erhoben, verarbeitet und gespeichert werden:<br \/>a. Daten, die Sie uns zur Verf\u00fcgung stellen, um einen bestimmten Dienst zu erhalten oder im Rahmen einer Gesch\u00e4ftsbeziehung (wie Identifikations- und Kontaktdaten, berufliche Daten)<br \/>b. Browsing-Daten oder Daten, die sich aus Ihrer Interaktion mit unserer Website ergeben<br \/>c. Cookies (siehe Cookie-Hinweis \u00fcber unser Ger\u00e4t<\/p><p>\u00a0<\/p><p>2. WIE WIR DATEN VERWENDEN<br \/>Die gesammelten Daten k\u00f6nnen von uns f\u00fcr die folgenden Zwecke verarbeitet werden:<br \/>i. Erf\u00fcllung Ihrer Anfragen durch Bereitstellung von Informationen \u00fcber unsere Produkte, Dienstleistungen, Angebote und unser Handelsnetz;<br \/>ii. Aufrechterhaltung und Verbesserung unserer Beziehung zu unseren Kunden.<\/p><p>Die Daten werden auf der Grundlage des Vertrags gem\u00e4\u00df Punkt (i) und unseres berechtigten Interesses an der Verarbeitung gem\u00e4\u00df Punkt (ii) erhoben und verarbeitet.<br \/>Die Daten k\u00f6nnen elektronisch innerhalb von IT-Systemen und manuell in Papierform verarbeitet werden. Die Daten werden w\u00e4hrend ihres gesamten Lebenszyklus verarbeitet und gespeichert, wobei Sicherheit und Vertraulichkeit gewahrt bleiben, im Einklang mit den Grunds\u00e4tzen der Fairness, Rechtm\u00e4\u00dfigkeit und Transparenz und in \u00dcbereinstimmung mit den Bestimmungen der geltenden Gesetze und Vorschriften.<\/p><p>\u00a0<\/p><p>3. FOLGEN DER NICHTBEREITSTELLUNG VON DATEN<br \/>Die \u00dcbermittlung von Daten ist obligatorisch und erm\u00f6glicht Ihnen den Zugang zu den Diensten.<\/p><p>\u00a0<\/p><p>4. WIE WIR IHRE DATEN TEILEN<br \/>Daten k\u00f6nnen an vertrauensw\u00fcrdige externe Parteien, Dienstleister, autorisierte H\u00e4ndler und Vertriebspartner sowie Gesch\u00e4ftspartner innerhalb und au\u00dferhalb der Europ\u00e4ischen Union weitergegeben und \u00fcbermittelt werden, die einer spezifischen vertraglichen Verpflichtung unterliegen und diese ausschlie\u00dflich zur Erf\u00fcllung der oben genannten Zwecke verwenden d\u00fcrfen.<br \/>Daten k\u00f6nnen an Dritte weitergegeben werden, um gesetzlichen Verpflichtungen nachzukommen, unsere Sicherheit zu betreiben und aufrechtzuerhalten, unsere Rechte oder unser Eigentum zu sch\u00fctzen, auf Anordnungen \u00f6ffentlicher Beh\u00f6rden zu reagieren oder unsere Rechte vor Gerichten auszu\u00fcben.<\/p><p>\u00a0<\/p><p>5. WIE WIR IHRE DATEN \u00dcBERTRAGEN<br \/>Um die oben beschriebenen Datenverarbeitungsaktivit\u00e4ten durchzuf\u00fchren, k\u00f6nnen wir Daten in L\u00e4nder au\u00dferhalb des Europ\u00e4ischen Wirtschaftsraums (EWR) \u00fcbertragen, einschlie\u00dflich der Speicherung solcher Daten in digitalen oder physischen Datenbanken, die von f\u00fcr uns t\u00e4tigen Stellen verwaltet werden. Die Datenbankverwaltung und Datenverarbeitung sind auf die Zwecke der Verarbeitung beschr\u00e4nkt und erfolgen gem\u00e4\u00df den geltenden Datenschutzgesetzen und -vorschriften.\nFalls Daten au\u00dferhalb des EWR \u00fcbertragen werden, wird das Unternehmen geeignete vertragliche Ma\u00dfnahmen ergreifen, um einen angemessenen Schutz der Daten zu gew\u00e4hrleisten, einschlie\u00dflich \u2013 unter anderem \u2013 Vereinbarungen auf Grundlage der von der EU-Kommission angenommenen Standarddatenschutzklauseln, die f\u00fcr die \u00dcbertragung personenbezogener Daten au\u00dferhalb des EWR gelten.<\/p><p>In caso di trasferimento dei Dati al di fuori del SEE la Societ\u00e0 adotter\u00e0 tutte le misure contrattuali idonee a garantire un'adeguata protezione dei Dati inclusi \u2013 tra gli altri \u2013 accordi basati sulle Clausole standard di protezione dei dati adottate dalla Commissione Europea applicabili al trasferimento dei dati personali al di fuori del SEE.<\/p><p>\u00a0<\/p><p>6. AUFBEWAHRUNG IHRER PERSONENBEZOGENEN DATEN<br \/>Wir speichern Daten in Speichersystemen, solange dies zur Verfolgung der in diesem Datenschutzhinweis beschriebenen Zwecke erforderlich ist, unter Ber\u00fccksichtigung der gegebenenfalls geltenden gesetzlichen und vertraglichen Anforderungen.<br \/>Wenn Daten f\u00fcr die Zwecke, f\u00fcr die sie verarbeitet werden, nicht mehr erforderlich sind, werden die Daten gel\u00f6scht oder in einer Form aufbewahrt, die eine Identifizierung der betroffenen Personen nicht zul\u00e4sst, sofern wir nicht gesetzlich verpflichtet oder berechtigt sind, solche Daten zu speichern. Wir k\u00f6nnen Daten weiterhin f\u00fcr einen l\u00e4ngeren Zeitraum speichern, soweit dies erforderlich ist, um unsere Interessen im Zusammenhang mit potenziellen Haftungen im Zusammenhang mit der Erbringung der Dienstleistungen oder Produkte oder der Datenverarbeitung zu sch\u00fctzen.<\/p><p>\u00a0<\/p><p>7. DATENVERANTWORTLICHER<br \/>Intercon Srl mit eingetragenem Sitz in Italien \u2013 Bozen \u2013 Via degli Artigiani 21 ist der Verantwortliche f\u00fcr die Daten, die im Rahmen dieses Datenschutzhinweises erhoben, verarbeitet und gespeichert werden.<\/p><p>\u00a0<\/p><p>8. IHRE RECHTE BEZ\u00dcGLICH IHRER DATEN<br \/>Sie k\u00f6nnen Ihre Rechte gem\u00e4\u00df den geltenden Gesetzen und Vorschriften aus\u00fcben, darunter:\nRecht auf Auskunft: das Recht, vom Verantwortlichen eine Best\u00e4tigung dar\u00fcber zu erhalten, ob Ihre personenbezogenen Daten verarbeitet werden oder nicht, und falls ja, Zugang zu Ihren personenbezogenen Daten zu verlangen.<br \/>Recht auf Berichtigung: das Recht, vom Verantwortlichen die Berichtigung Ihrer personenbezogenen Daten zu verlangen, die Sie f\u00fcr ungenau halten, und die Vervollst\u00e4ndigung unvollst\u00e4ndiger Informationen, auch durch Abgabe einer erg\u00e4nzenden Erkl\u00e4rung.<br \/>Recht auf L\u00f6schung: das Recht, von uns die L\u00f6schung Ihrer personenbezogenen Daten ohne unangemessene Verz\u00f6gerung zu verlangen, sofern der Antrag gem\u00e4\u00df den geltenden Gesetzen und Vorschriften gestellt wird.<br \/>Widerspruchsrecht gegen die Datenverarbeitung: das Recht, jederzeit der Verarbeitung Ihrer personenbezogenen Daten auf der Grundlage des berechtigten Interesses des Verantwortlichen zu widersprechen.<br \/>Widerspruchsrecht gegen die Datenverarbeitung: das Recht, jederzeit der Verarbeitung Ihrer personenbezogenen Daten auf der Grundlage des berechtigten Interesses des Verantwortlichen zu widersprechen.<br \/>Recht auf Einschr\u00e4nkung der Datenverarbeitung: das Recht, vom Verantwortlichen eine Einschr\u00e4nkung der Verarbeitungst\u00e4tigkeiten zu verlangen, wenn die Richtigkeit und Genauigkeit der personenbezogenen Daten umstritten sind und f\u00fcr die Zeit, die der Verantwortliche ben\u00f6tigt, um die Richtigkeit der personenbezogenen Daten zu \u00fcberpr\u00fcfen.<br \/>Recht auf Daten\u00fcbertragbarkeit: das Recht, die von Ihnen dem Verantwortlichen bereitgestellten personenbezogenen Daten in einem strukturierten, g\u00e4ngigen Format zu erhalten.<br \/>Beschwerderecht: unbeschadet eines anderen verwaltungsrechtlichen oder gerichtlichen Streits haben Sie das Recht, eine Beschwerde bei der Aufsichtsbeh\u00f6rde des Mitgliedstaats einzureichen, in dem Sie wohnen oder gew\u00f6hnlich arbeiten, oder des Staates, in dem ein Versto\u00df stattgefunden hat, wenn Sie der Meinung sind, dass die Datenverarbeitung rechtswidrig oder nicht im Einklang mit den geltenden Gesetzen und Vorschriften erfolgt ist.<br \/>Sie k\u00f6nnen die oben genannten Rechte aus\u00fcben, indem Sie uns wie folgt kontaktieren:<br \/>Scrivere una e-mail a: <span \n                data-original-string=\"UGzg\/JKngLbxBCwomuqyKh4ho9YGzTmNMDVr+gteSJo=\"\n                class=\"apbct-email-encoder\"\n                title=\"Dieser Kontakt wurde von Anti-Spam by CleanTalk verschl\u00fcsselt. Klicke hier, um ihn zu entschl\u00fcsseln. Um die Entschl\u00fcsselung abzuschlie\u00dfen, stelle sicher, dass JavaScript in deinem Browser aktiviert ist.\">\n        <span class=\"apbct-ee-blur-group\">\n            <span class=\"apbct-ee-blur_email-text\">pr*****@in******.it<\/span>\n            <span class=\"apbct-ee-static-blur\">\n                <span class=\"apbct-ee-blur apbct-ee-blur_rectangle-init\"><\/span>\n                <span class=\"apbct-ee-blur apbct-ee-blur_rectangle-soft\"><\/span>\n                <span class=\"apbct-ee-blur apbct-ee-blur_rectangle-hard\"><\/span>\n            <\/span>\n            <span class=\"apbct-ee-animate-blur\">\n                <span class=\"apbct-ee-blur apbct-ee-blur_rectangle-init apbct-ee-blur_animate-init\"><\/span>\n                <span class=\"apbct-ee-blur apbct-ee-blur_rectangle-soft apbct-ee-blur_animate-soft\"><\/span>\n                <span class=\"apbct-ee-blur apbct-ee-blur_rectangle-hard apbct-ee-blur_animate-hard\"><\/span>\n            <\/span>\n        <\/span>\n<\/span><br \/>Senden eines Briefes an den Verantwortlichen an die im Abschnitt 7 dieses Datenschutzhinweises angegebene Adresse mit dem Vermerk \u201ezu H\u00e4nden Datenschutz-Compliance\u201c<\/p><p>Sollten Sie uns eine Anfrage senden, m\u00fcssen wir gegebenenfalls zus\u00e4tzliche personenbezogene Informationen von Ihnen einholen, um Ihre Identit\u00e4t und Kontaktaufnahme zu \u00fcberpr\u00fcfen. Diese Informationen werden zusammen mit anderen Daten, die wir bereits speichern, verarbeitet, um Ihrer Anfrage nachzukommen.<\/p><p>\u00a0<\/p><p>9. AKTUALISIERUNGEN ZU DIESEM DATENSCHUTZHINWEIS<br \/>Dieser Datenschutzhinweis wurde im Januar 2023 aktualisiert. Wir behalten uns das Recht vor, den Datenschutzhinweis von Zeit zu Zeit zu \u00e4ndern oder zu aktualisieren, um ge\u00e4nderten gesetzlichen Anforderungen oder unseren Verarbeitungst\u00e4tigkeiten Rechnung zu tragen. Wir werden jede Aktualisierung auf dieser Website ver\u00f6ffentlichen, und sie wird mit der Ver\u00f6ffentlichung wirksam. Wir empfehlen Ihnen, diesen Datenschutzhinweis regelm\u00e4\u00dfig zu \u00fcberpr\u00fcfen, um zu erfahren, wie wir Ihre Daten sch\u00fctzen.<\/p><\/div>\n\t<\/div>\n\t\t<\/div>\n\t\t\t\t<\/div>\n\t\t\t\t\t<\/div>\n\t\t<\/div>\n\t\t\t\t\t<\/div>\n\t\t<\/section>\n\t\t\t\t<\/div>","protected":false},"excerpt":{"rendered":"<p>**PRIVACY POLICY** INFORMATIVA SULLA PRIVACY La presente Informativa sulla privacy spiega come i dati personali da Lei forniti e raccolti da Intercon Srl attraverso questo sito web saranno trattati nel rispetto delle leggi e dei regolamenti. Ci impegniamo a proteggere e rispettare la vostra privacy. \u00a0 1. COME OTTENIAMO I DATII dati che possono essere [&hellip;]<\/p>","protected":false},"author":1,"featured_media":0,"parent":0,"menu_order":0,"comment_status":"closed","ping_status":"closed","template":"qi-full-width.php","meta":{"content-type":"","footnotes":""},"class_list":["post-2486","page","type-page","status-publish","hentry"],"yoast_head":"<!-- This site is optimized with the Yoast SEO plugin v22.7 - https:\/\/yoast.com\/wordpress\/plugins\/seo\/ -->\n<title>Privacy Policy - INTERCON<\/title>\n<meta name=\"robots\" content=\"index, follow, max-snippet:-1, max-image-preview:large, max-video-preview:-1\" \/>\n<link rel=\"canonical\" href=\"https:\/\/www.intercon.it\/de\/privacy-policy\/\" \/>\n<meta property=\"og:locale\" content=\"de_DE\" \/>\n<meta property=\"og:type\" content=\"article\" \/>\n<meta property=\"og:title\" content=\"Privacy Policy - INTERCON\" \/>\n<meta property=\"og:description\" content=\"**PRIVACY POLICY** INFORMATIVA SULLA PRIVACY La presente Informativa sulla privacy spiega come i dati personali da Lei forniti e raccolti da Intercon Srl attraverso questo sito web saranno trattati nel rispetto delle leggi e dei regolamenti. Ci impegniamo a proteggere e rispettare la vostra privacy. \u00a0 1. COME OTTENIAMO I DATII dati che possono essere [&hellip;]\" \/>\n<meta property=\"og:url\" content=\"https:\/\/www.intercon.it\/de\/privacy-policy\/\" \/>\n<meta property=\"og:site_name\" content=\"INTERCON\" \/>\n<meta property=\"article:modified_time\" content=\"2024-05-21T15:02:36+00:00\" \/>\n<meta name=\"twitter:card\" content=\"summary_large_image\" \/>\n<meta name=\"twitter:label1\" content=\"Gesch\u00e4tzte Lesezeit\" \/>\n\t<meta name=\"twitter:data1\" content=\"6\u00a0Minuten\" \/>\n<script type=\"application\/ld+json\" class=\"yoast-schema-graph\">{\"@context\":\"https:\/\/schema.org\",\"@graph\":[{\"@type\":\"WebPage\",\"@id\":\"https:\/\/www.intercon.it\/privacy-policy\/\",\"url\":\"https:\/\/www.intercon.it\/privacy-policy\/\",\"name\":\"Privacy Policy - INTERCON\",\"isPartOf\":{\"@id\":\"https:\/\/www.intercon.it\/#website\"},\"datePublished\":\"2023-07-26T07:44:50+00:00\",\"dateModified\":\"2024-05-21T15:02:36+00:00\",\"breadcrumb\":{\"@id\":\"https:\/\/www.intercon.it\/privacy-policy\/#breadcrumb\"},\"inLanguage\":\"de\",\"potentialAction\":[{\"@type\":\"ReadAction\",\"target\":[\"https:\/\/www.intercon.it\/privacy-policy\/\"]}]},{\"@type\":\"BreadcrumbList\",\"@id\":\"https:\/\/www.intercon.it\/privacy-policy\/#breadcrumb\",\"itemListElement\":[{\"@type\":\"ListItem\",\"position\":1,\"name\":\"Home\",\"item\":\"https:\/\/www.intercon.it\/\"},{\"@type\":\"ListItem\",\"position\":2,\"name\":\"Privacy Policy\"}]},{\"@type\":\"WebSite\",\"@id\":\"https:\/\/www.intercon.it\/#website\",\"url\":\"https:\/\/www.intercon.it\/\",\"name\":\"INTERCON\",\"description\":\"Assemblaggio Cavi\",\"publisher\":{\"@id\":\"https:\/\/www.intercon.it\/#organization\"},\"potentialAction\":[{\"@type\":\"SearchAction\",\"target\":{\"@type\":\"EntryPoint\",\"urlTemplate\":\"https:\/\/www.intercon.it\/?s={search_term_string}\"},\"query-input\":\"required name=search_term_string\"}],\"inLanguage\":\"de\"},{\"@type\":\"Organization\",\"@id\":\"https:\/\/www.intercon.it\/#organization\",\"name\":\"INTERCON\",\"url\":\"https:\/\/www.intercon.it\/\",\"logo\":{\"@type\":\"ImageObject\",\"inLanguage\":\"de\",\"@id\":\"https:\/\/www.intercon.it\/#\/schema\/logo\/image\/\",\"url\":\"https:\/\/www.intercon.it\/wp-content\/uploads\/2023\/07\/Intercon-01.png\",\"contentUrl\":\"https:\/\/www.intercon.it\/wp-content\/uploads\/2023\/07\/Intercon-01.png\",\"width\":1777,\"height\":1002,\"caption\":\"INTERCON\"},\"image\":{\"@id\":\"https:\/\/www.intercon.it\/#\/schema\/logo\/image\/\"},\"sameAs\":[\"https:\/\/www.linkedin.com\/company\/interconsrl\/?viewAsMember=true\"]}]}<\/script>\n<!-- \/ Yoast SEO plugin. -->","yoast_head_json":{"title":"Privacy Policy - INTERCON","robots":{"index":"index","follow":"follow","max-snippet":"max-snippet:-1","max-image-preview":"max-image-preview:large","max-video-preview":"max-video-preview:-1"},"canonical":"https:\/\/www.intercon.it\/de\/privacy-policy\/","og_locale":"de_DE","og_type":"article","og_title":"Privacy Policy - INTERCON","og_description":"**PRIVACY POLICY** INFORMATIVA SULLA PRIVACY La presente Informativa sulla privacy spiega come i dati personali da Lei forniti e raccolti da Intercon Srl attraverso questo sito web saranno trattati nel rispetto delle leggi e dei regolamenti. Ci impegniamo a proteggere e rispettare la vostra privacy. \u00a0 1. COME OTTENIAMO I DATII dati che possono essere [&hellip;]","og_url":"https:\/\/www.intercon.it\/de\/privacy-policy\/","og_site_name":"INTERCON","article_modified_time":"2024-05-21T15:02:36+00:00","twitter_card":"summary_large_image","twitter_misc":{"Gesch\u00e4tzte Lesezeit":"6\u00a0Minuten"},"schema":{"@context":"https:\/\/schema.org","@graph":[{"@type":"WebPage","@id":"https:\/\/www.intercon.it\/privacy-policy\/","url":"https:\/\/www.intercon.it\/privacy-policy\/","name":"Privacy Policy - INTERCON","isPartOf":{"@id":"https:\/\/www.intercon.it\/#website"},"datePublished":"2023-07-26T07:44:50+00:00","dateModified":"2024-05-21T15:02:36+00:00","breadcrumb":{"@id":"https:\/\/www.intercon.it\/privacy-policy\/#breadcrumb"},"inLanguage":"de","potentialAction":[{"@type":"ReadAction","target":["https:\/\/www.intercon.it\/privacy-policy\/"]}]},{"@type":"BreadcrumbList","@id":"https:\/\/www.intercon.it\/privacy-policy\/#breadcrumb","itemListElement":[{"@type":"ListItem","position":1,"name":"Home","item":"https:\/\/www.intercon.it\/"},{"@type":"ListItem","position":2,"name":"Privacy Policy"}]},{"@type":"WebSite","@id":"https:\/\/www.intercon.it\/#website","url":"https:\/\/www.intercon.it\/","name":"INTERCON","description":"Assemblaggio Cavi","publisher":{"@id":"https:\/\/www.intercon.it\/#organization"},"potentialAction":[{"@type":"SearchAction","target":{"@type":"EntryPoint","urlTemplate":"https:\/\/www.intercon.it\/?s={search_term_string}"},"query-input":"required name=search_term_string"}],"inLanguage":"de"},{"@type":"Organization","@id":"https:\/\/www.intercon.it\/#organization","name":"INTERCON","url":"https:\/\/www.intercon.it\/","logo":{"@type":"ImageObject","inLanguage":"de","@id":"https:\/\/www.intercon.it\/#\/schema\/logo\/image\/","url":"https:\/\/www.intercon.it\/wp-content\/uploads\/2023\/07\/Intercon-01.png","contentUrl":"https:\/\/www.intercon.it\/wp-content\/uploads\/2023\/07\/Intercon-01.png","width":1777,"height":1002,"caption":"INTERCON"},"image":{"@id":"https:\/\/www.intercon.it\/#\/schema\/logo\/image\/"},"sameAs":["https:\/\/www.linkedin.com\/company\/interconsrl\/?viewAsMember=true"]}]}},"_links":{"self":[{"href":"https:\/\/www.intercon.it\/de\/wp-json\/wp\/v2\/pages\/2486","targetHints":{"allow":["GET"]}}],"collection":[{"href":"https:\/\/www.intercon.it\/de\/wp-json\/wp\/v2\/pages"}],"about":[{"href":"https:\/\/www.intercon.it\/de\/wp-json\/wp\/v2\/types\/page"}],"author":[{"embeddable":true,"href":"https:\/\/www.intercon.it\/de\/wp-json\/wp\/v2\/users\/1"}],"replies":[{"embeddable":true,"href":"https:\/\/www.intercon.it\/de\/wp-json\/wp\/v2\/comments?post=2486"}],"version-history":[{"count":22,"href":"https:\/\/www.intercon.it\/de\/wp-json\/wp\/v2\/pages\/2486\/revisions"}],"predecessor-version":[{"id":3353,"href":"https:\/\/www.intercon.it\/de\/wp-json\/wp\/v2\/pages\/2486\/revisions\/3353"}],"wp:attachment":[{"href":"https:\/\/www.intercon.it\/de\/wp-json\/wp\/v2\/media?parent=2486"}],"curies":[{"name":"wp","href":"https:\/\/api.w.org\/{rel}","templated":true}]}}